{"id":483,"date":"2017-10-11T16:44:51","date_gmt":"2017-10-11T14:44:51","guid":{"rendered":"http:\/\/www.cultura.ch\/?page_id=483"},"modified":"2017-10-11T16:44:51","modified_gmt":"2017-10-11T14:44:51","slug":"bienvenue-votre-bibliotheque","status":"publish","type":"page","link":"https:\/\/www.cultura.ch\/fr\/evenements\/projets-avec-refugies\/bienvenue-votre-bibliotheque\/","title":{"rendered":"Bienvenue! Votre biblioth\u00e8que"},"content":{"rendered":"<p><a href=\"http:\/\/www.cultura.ch\/wp-content\/uploads\/2017\/10\/Willkommen_Buchcover.png\"><img loading=\"lazy\" decoding=\"async\" class=\"alignnone size-full wp-image-413\" src=\"http:\/\/www.cultura.ch\/wp-content\/uploads\/2017\/10\/Willkommen_Buchcover.png\" alt=\"\" width=\"419\" height=\"604\" srcset=\"https:\/\/www.cultura.ch\/wp-content\/uploads\/2017\/10\/Willkommen_Buchcover.png 419w, https:\/\/www.cultura.ch\/wp-content\/uploads\/2017\/10\/Willkommen_Buchcover-208x300.png 208w\" sizes=\"auto, (max-width: 419px) 100vw, 419px\" \/><\/a><\/p>\n<p>Avec le projet \u00abBienvenue! Votre biblioth\u00e8que\u00bb, Bibliomedia soutient de mani\u00e8re simple et rapide les biblioth\u00e8ques dans l\u2019une de leurs t\u00e2ches essentielle, \u00e0 savoir faciliter l\u2019accueil et l\u2019acclimatation des migrants en Suisse.<\/p>\n<ul>\n<li>Bibliomedia met \u00e0 la disposition des biblioth\u00e8ques des collections de m\u00e9dias appropri\u00e9s qui pourront \u00eatre utilis\u00e9s dans les biblioth\u00e8ques ou, directement, dans les centres pour requ\u00e9rants d\u2019asile.<\/li>\n<li>Bibliomedia aide les biblioth\u00e8ques \u00e0 d\u00e9velopper les projets existants et \u00e0 cr\u00e9er les bases de nouveaux projets d\u2019int\u00e9gration.<\/li>\n<li>Bibliomedia met \u00e0 disposition des listes d\u2019informations utiles (adresses importantes, liens et applis).<\/li>\n<li>Sur demande, Bibliomedia peut fournir en outre, dans un cadre limit\u00e9, un soutien pour l\u2019acquisition du mat\u00e9riel n\u00e9cessaire.<\/li>\n<li>Bibliomedia offre des conseils et un soutien professionnels.<\/li>\n<li>Bibliomedia soutient les cours de fran\u00e7ais donn\u00e9s par des b\u00e9n\u00e9voles, en leur fournissant tout un choix de mat\u00e9riel p\u00e9dagogique pour enseigner cette langue, des dictionnaires et des jeux \u00e9ducatifs.<\/li>\n<\/ul>\n<p>Informations compl\u00e9mentaires: <a href=\"http:\/\/www.bibliomedia.ch\" target=\"_blank\" rel=\"noopener\">www.bibliomedia.ch<\/a><\/p>\n","protected":false},"excerpt":{"rendered":"<p>Avec le projet \u00abBienvenue! Votre biblioth\u00e8que\u00bb, Bibliomedia soutient de mani\u00e8re simple et rapide les biblioth\u00e8ques dans l\u2019une de leurs t\u00e2ches essentielle, \u00e0 savoir faciliter l\u2019accueil et l\u2019acclimatation des migrants en Suisse. Bibliomedia met \u00e0 la disposition des biblioth\u00e8ques des collections de m\u00e9dias appropri\u00e9s qui pourront \u00eatre utilis\u00e9s dans les biblioth\u00e8ques ou, directement, dans les centres &hellip; <a href=\"https:\/\/www.cultura.ch\/fr\/evenements\/projets-avec-refugies\/bienvenue-votre-bibliotheque\/\" class=\"more-link\">Continuer la lecture de <span class=\"screen-reader-text\">Bienvenue! Votre biblioth\u00e8que<\/span>  <span class=\"meta-nav\">&rarr;<\/span><\/a><\/p>\n","protected":false},"author":7,"featured_media":0,"parent":479,"menu_order":0,"comment_status":"closed","ping_status":"closed","template":"","meta":{"iawp_total_views":29,"footnotes":""},"class_list":["post-483","page","type-page","status-publish","hentry"],"yoast_head":"<!-- This site is optimized with the Yoast SEO plugin v27.5 - https:\/\/yoast.com\/product\/yoast-seo-wordpress\/ -->\n<title>Bienvenue! Votre biblioth\u00e8que - CULTURA<\/title>\n<meta name=\"robots\" content=\"index, follow, max-snippet:-1, max-image-preview:large, max-video-preview:-1\" \/>\n<link rel=\"canonical\" href=\"https:\/\/www.cultura.ch\/fr\/evenements\/projets-avec-refugies\/bienvenue-votre-bibliotheque\/\" \/>\n<meta property=\"og:locale\" content=\"fr_FR\" \/>\n<meta property=\"og:type\" content=\"article\" \/>\n<meta property=\"og:title\" content=\"Bienvenue! Votre biblioth\u00e8que - CULTURA\" \/>\n<meta property=\"og:description\" content=\"Avec le projet \u00abBienvenue! Votre biblioth\u00e8que\u00bb, Bibliomedia soutient de mani\u00e8re simple et rapide les biblioth\u00e8ques dans l\u2019une de leurs t\u00e2ches essentielle, \u00e0 savoir faciliter l\u2019accueil et l\u2019acclimatation des migrants en Suisse. Bibliomedia met \u00e0 la disposition des biblioth\u00e8ques des collections de m\u00e9dias appropri\u00e9s qui pourront \u00eatre utilis\u00e9s dans les biblioth\u00e8ques ou, directement, dans les centres &hellip; Continuer la lecture de Bienvenue! Votre biblioth\u00e8que &rarr;\" \/>\n<meta property=\"og:url\" content=\"https:\/\/www.cultura.ch\/fr\/evenements\/projets-avec-refugies\/bienvenue-votre-bibliotheque\/\" \/>\n<meta property=\"og:site_name\" content=\"CULTURA\" \/>\n<meta property=\"og:image\" content=\"http:\/\/www.cultura.ch\/wp-content\/uploads\/2017\/10\/Willkommen_Buchcover.png\" \/>\n<meta name=\"twitter:label1\" content=\"Dur\u00e9e de lecture estim\u00e9e\" \/>\n\t<meta name=\"twitter:data1\" content=\"1 minute\" \/>\n<script type=\"application\/ld+json\" class=\"yoast-schema-graph\">{\"@context\":\"https:\\\/\\\/schema.org\",\"@graph\":[{\"@type\":\"WebPage\",\"@id\":\"https:\\\/\\\/www.cultura.ch\\\/fr\\\/evenements\\\/projets-avec-refugies\\\/bienvenue-votre-bibliotheque\\\/\",\"url\":\"https:\\\/\\\/www.cultura.ch\\\/fr\\\/evenements\\\/projets-avec-refugies\\\/bienvenue-votre-bibliotheque\\\/\",\"name\":\"Bienvenue! Votre biblioth\u00e8que - CULTURA\",\"isPartOf\":{\"@id\":\"https:\\\/\\\/www.cultura.ch\\\/fr\\\/#website\"},\"primaryImageOfPage\":{\"@id\":\"https:\\\/\\\/www.cultura.ch\\\/fr\\\/evenements\\\/projets-avec-refugies\\\/bienvenue-votre-bibliotheque\\\/#primaryimage\"},\"image\":{\"@id\":\"https:\\\/\\\/www.cultura.ch\\\/fr\\\/evenements\\\/projets-avec-refugies\\\/bienvenue-votre-bibliotheque\\\/#primaryimage\"},\"thumbnailUrl\":\"http:\\\/\\\/www.cultura.ch\\\/wp-content\\\/uploads\\\/2017\\\/10\\\/Willkommen_Buchcover.png\",\"datePublished\":\"2017-10-11T14:44:51+00:00\",\"breadcrumb\":{\"@id\":\"https:\\\/\\\/www.cultura.ch\\\/fr\\\/evenements\\\/projets-avec-refugies\\\/bienvenue-votre-bibliotheque\\\/#breadcrumb\"},\"inLanguage\":\"fr-FR\",\"potentialAction\":[{\"@type\":\"ReadAction\",\"target\":[\"https:\\\/\\\/www.cultura.ch\\\/fr\\\/evenements\\\/projets-avec-refugies\\\/bienvenue-votre-bibliotheque\\\/\"]}]},{\"@type\":\"ImageObject\",\"inLanguage\":\"fr-FR\",\"@id\":\"https:\\\/\\\/www.cultura.ch\\\/fr\\\/evenements\\\/projets-avec-refugies\\\/bienvenue-votre-bibliotheque\\\/#primaryimage\",\"url\":\"http:\\\/\\\/www.cultura.ch\\\/wp-content\\\/uploads\\\/2017\\\/10\\\/Willkommen_Buchcover.png\",\"contentUrl\":\"http:\\\/\\\/www.cultura.ch\\\/wp-content\\\/uploads\\\/2017\\\/10\\\/Willkommen_Buchcover.png\"},{\"@type\":\"BreadcrumbList\",\"@id\":\"https:\\\/\\\/www.cultura.ch\\\/fr\\\/evenements\\\/projets-avec-refugies\\\/bienvenue-votre-bibliotheque\\\/#breadcrumb\",\"itemListElement\":[{\"@type\":\"ListItem\",\"position\":1,\"name\":\"Startseite\",\"item\":\"https:\\\/\\\/www.cultura.ch\\\/fr\\\/\"},{\"@type\":\"ListItem\",\"position\":2,\"name\":\"Offres culturelles pour et avec les migrants et les requ\u00e9rants d\u2019asile\",\"item\":\"https:\\\/\\\/www.cultura.ch\\\/fr\\\/projets-avec-refugies\\\/\"},{\"@type\":\"ListItem\",\"position\":3,\"name\":\"Bienvenue! Votre biblioth\u00e8que\"}]},{\"@type\":\"WebSite\",\"@id\":\"https:\\\/\\\/www.cultura.ch\\\/fr\\\/#website\",\"url\":\"https:\\\/\\\/www.cultura.ch\\\/fr\\\/\",\"name\":\"CULTURA\",\"description\":\"Dachverband f\u00fcr die Interessenverb\u00e4nde der Schweizer Kulturinstitutionen\",\"potentialAction\":[{\"@type\":\"SearchAction\",\"target\":{\"@type\":\"EntryPoint\",\"urlTemplate\":\"https:\\\/\\\/www.cultura.ch\\\/fr\\\/?s={search_term_string}\"},\"query-input\":{\"@type\":\"PropertyValueSpecification\",\"valueRequired\":true,\"valueName\":\"search_term_string\"}}],\"inLanguage\":\"fr-FR\"}]}<\/script>\n<!-- \/ Yoast SEO plugin. -->","yoast_head_json":{"title":"Bienvenue! Votre biblioth\u00e8que - CULTURA","robots":{"index":"index","follow":"follow","max-snippet":"max-snippet:-1","max-image-preview":"max-image-preview:large","max-video-preview":"max-video-preview:-1"},"canonical":"https:\/\/www.cultura.ch\/fr\/evenements\/projets-avec-refugies\/bienvenue-votre-bibliotheque\/","og_locale":"fr_FR","og_type":"article","og_title":"Bienvenue! Votre biblioth\u00e8que - CULTURA","og_description":"Avec le projet \u00abBienvenue! Votre biblioth\u00e8que\u00bb, Bibliomedia soutient de mani\u00e8re simple et rapide les biblioth\u00e8ques dans l\u2019une de leurs t\u00e2ches essentielle, \u00e0 savoir faciliter l\u2019accueil et l\u2019acclimatation des migrants en Suisse. Bibliomedia met \u00e0 la disposition des biblioth\u00e8ques des collections de m\u00e9dias appropri\u00e9s qui pourront \u00eatre utilis\u00e9s dans les biblioth\u00e8ques ou, directement, dans les centres &hellip; Continuer la lecture de Bienvenue! Votre biblioth\u00e8que &rarr;","og_url":"https:\/\/www.cultura.ch\/fr\/evenements\/projets-avec-refugies\/bienvenue-votre-bibliotheque\/","og_site_name":"CULTURA","og_image":[{"url":"http:\/\/www.cultura.ch\/wp-content\/uploads\/2017\/10\/Willkommen_Buchcover.png","type":"","width":"","height":""}],"twitter_misc":{"Dur\u00e9e de lecture estim\u00e9e":"1 minute"},"schema":{"@context":"https:\/\/schema.org","@graph":[{"@type":"WebPage","@id":"https:\/\/www.cultura.ch\/fr\/evenements\/projets-avec-refugies\/bienvenue-votre-bibliotheque\/","url":"https:\/\/www.cultura.ch\/fr\/evenements\/projets-avec-refugies\/bienvenue-votre-bibliotheque\/","name":"Bienvenue! Votre biblioth\u00e8que - CULTURA","isPartOf":{"@id":"https:\/\/www.cultura.ch\/fr\/#website"},"primaryImageOfPage":{"@id":"https:\/\/www.cultura.ch\/fr\/evenements\/projets-avec-refugies\/bienvenue-votre-bibliotheque\/#primaryimage"},"image":{"@id":"https:\/\/www.cultura.ch\/fr\/evenements\/projets-avec-refugies\/bienvenue-votre-bibliotheque\/#primaryimage"},"thumbnailUrl":"http:\/\/www.cultura.ch\/wp-content\/uploads\/2017\/10\/Willkommen_Buchcover.png","datePublished":"2017-10-11T14:44:51+00:00","breadcrumb":{"@id":"https:\/\/www.cultura.ch\/fr\/evenements\/projets-avec-refugies\/bienvenue-votre-bibliotheque\/#breadcrumb"},"inLanguage":"fr-FR","potentialAction":[{"@type":"ReadAction","target":["https:\/\/www.cultura.ch\/fr\/evenements\/projets-avec-refugies\/bienvenue-votre-bibliotheque\/"]}]},{"@type":"ImageObject","inLanguage":"fr-FR","@id":"https:\/\/www.cultura.ch\/fr\/evenements\/projets-avec-refugies\/bienvenue-votre-bibliotheque\/#primaryimage","url":"http:\/\/www.cultura.ch\/wp-content\/uploads\/2017\/10\/Willkommen_Buchcover.png","contentUrl":"http:\/\/www.cultura.ch\/wp-content\/uploads\/2017\/10\/Willkommen_Buchcover.png"},{"@type":"BreadcrumbList","@id":"https:\/\/www.cultura.ch\/fr\/evenements\/projets-avec-refugies\/bienvenue-votre-bibliotheque\/#breadcrumb","itemListElement":[{"@type":"ListItem","position":1,"name":"Startseite","item":"https:\/\/www.cultura.ch\/fr\/"},{"@type":"ListItem","position":2,"name":"Offres culturelles pour et avec les migrants et les requ\u00e9rants d\u2019asile","item":"https:\/\/www.cultura.ch\/fr\/projets-avec-refugies\/"},{"@type":"ListItem","position":3,"name":"Bienvenue! Votre biblioth\u00e8que"}]},{"@type":"WebSite","@id":"https:\/\/www.cultura.ch\/fr\/#website","url":"https:\/\/www.cultura.ch\/fr\/","name":"CULTURA","description":"Dachverband f\u00fcr die Interessenverb\u00e4nde der Schweizer Kulturinstitutionen","potentialAction":[{"@type":"SearchAction","target":{"@type":"EntryPoint","urlTemplate":"https:\/\/www.cultura.ch\/fr\/?s={search_term_string}"},"query-input":{"@type":"PropertyValueSpecification","valueRequired":true,"valueName":"search_term_string"}}],"inLanguage":"fr-FR"}]}},"_links":{"self":[{"href":"https:\/\/www.cultura.ch\/fr\/wp-json\/wp\/v2\/pages\/483","targetHints":{"allow":["GET"]}}],"collection":[{"href":"https:\/\/www.cultura.ch\/fr\/wp-json\/wp\/v2\/pages"}],"about":[{"href":"https:\/\/www.cultura.ch\/fr\/wp-json\/wp\/v2\/types\/page"}],"author":[{"embeddable":true,"href":"https:\/\/www.cultura.ch\/fr\/wp-json\/wp\/v2\/users\/7"}],"replies":[{"embeddable":true,"href":"https:\/\/www.cultura.ch\/fr\/wp-json\/wp\/v2\/comments?post=483"}],"version-history":[{"count":1,"href":"https:\/\/www.cultura.ch\/fr\/wp-json\/wp\/v2\/pages\/483\/revisions"}],"predecessor-version":[{"id":484,"href":"https:\/\/www.cultura.ch\/fr\/wp-json\/wp\/v2\/pages\/483\/revisions\/484"}],"up":[{"embeddable":true,"href":"https:\/\/www.cultura.ch\/fr\/wp-json\/wp\/v2\/pages\/479"}],"wp:attachment":[{"href":"https:\/\/www.cultura.ch\/fr\/wp-json\/wp\/v2\/media?parent=483"}],"curies":[{"name":"wp","href":"https:\/\/api.w.org\/{rel}","templated":true}]}}